{"id":913,"date":"2023-04-16T22:33:07","date_gmt":"2023-04-16T22:33:07","guid":{"rendered":"https:\/\/maquinariaferro.com\/?page_id=913"},"modified":"2023-10-17T07:58:21","modified_gmt":"2023-10-17T07:58:21","slug":"empresa","status":"publish","type":"page","link":"https:\/\/maquinariaferro.com\/ca\/empresa\/","title":{"rendered":"Empresa"},"content":{"rendered":"<div data-elementor-type=\"wp-page\" data-elementor-id=\"913\" class=\"elementor elementor-913\" data-elementor-post-type=\"page\">\n\t\t\t\t\t\t<section class=\"elementor-section elementor-top-section elementor-element elementor-element-441aa684 elementor-section-boxed elementor-section-height-default elementor-section-height-default elementor-invisible\" data-id=\"441aa684\" data-element_type=\"section\" data-e-type=\"section\" data-settings=\"{&quot;background_background&quot;:&quot;classic&quot;,&quot;animation&quot;:&quot;fadeIn&quot;}\">\n\t\t\t\t\t\t\t<div class=\"elementor-background-overlay\"><\/div>\n\t\t\t\t\t\t\t<div class=\"elementor-container elementor-column-gap-default\">\n\t\t\t\t\t<div class=\"elementor-column elementor-col-100 elementor-top-column elementor-element elementor-element-3c0c2ef4\" data-id=\"3c0c2ef4\" data-element_type=\"column\" data-e-type=\"column\">\n\t\t\t<div class=\"elementor-widget-wrap elementor-element-populated\">\n\t\t\t\t\t\t<div class=\"elementor-element elementor-element-d607c4b elementor-widget elementor-widget-heading\" data-id=\"d607c4b\" data-element_type=\"widget\" data-e-type=\"widget\" data-widget_type=\"heading.default\">\n\t\t\t\t<div class=\"elementor-widget-container\">\n\t\t\t\t\t<h1 class=\"elementor-heading-title elementor-size-default\">\u201cSom un equip familiar, la 3\u00aa generaci\u00f3 de tota una traject\u00f2ria\u201d<\/h1>\t\t\t\t<\/div>\n\t\t\t\t<\/div>\n\t\t\t\t\t<\/div>\n\t\t<\/div>\n\t\t\t\t\t<\/div>\n\t\t<\/section>\n\t\t\t\t<section class=\"elementor-section elementor-top-section elementor-element elementor-element-6dfa220 elementor-section-boxed elementor-section-height-default elementor-section-height-default\" data-id=\"6dfa220\" data-element_type=\"section\" data-e-type=\"section\">\n\t\t\t\t\t\t<div class=\"elementor-container elementor-column-gap-default\">\n\t\t\t\t\t<div class=\"elementor-column elementor-col-50 elementor-top-column elementor-element elementor-element-19e088f elementor-invisible\" data-id=\"19e088f\" data-element_type=\"column\" data-e-type=\"column\" data-settings=\"{&quot;animation&quot;:&quot;fadeInLeft&quot;}\">\n\t\t\t<div class=\"elementor-widget-wrap elementor-element-populated\">\n\t\t\t\t\t\t<div class=\"elementor-element elementor-element-faae3bd elementor-widget elementor-widget-image\" data-id=\"faae3bd\" data-element_type=\"widget\" data-e-type=\"widget\" data-widget_type=\"image.default\">\n\t\t\t\t<div class=\"elementor-widget-container\">\n\t\t\t\t\t\t\t\t\t\t\t\t<figure class=\"wp-caption\">\n\t\t\t\t\t\t\t\t\t\t<img fetchpriority=\"high\" decoding=\"async\" width=\"800\" height=\"973\" src=\"https:\/\/maquinariaferro.com\/wp-content\/uploads\/2023\/04\/1.Domingo-842x1024.jpg\" class=\"attachment-large size-large wp-image-937\" alt=\"\" srcset=\"https:\/\/maquinariaferro.com\/wp-content\/uploads\/2023\/04\/1.Domingo-842x1024.jpg 842w, https:\/\/maquinariaferro.com\/wp-content\/uploads\/2023\/04\/1.Domingo-600x730.jpg 600w, https:\/\/maquinariaferro.com\/wp-content\/uploads\/2023\/04\/1.Domingo-247x300.jpg 247w, https:\/\/maquinariaferro.com\/wp-content\/uploads\/2023\/04\/1.Domingo-768x934.jpg 768w, https:\/\/maquinariaferro.com\/wp-content\/uploads\/2023\/04\/1.Domingo-1263x1536.jpg 1263w, https:\/\/maquinariaferro.com\/wp-content\/uploads\/2023\/04\/1.Domingo.jpg 1445w\" sizes=\"(max-width: 800px) 100vw, 800px\" \/>\t\t\t\t\t\t\t\t\t\t\t<figcaption class=\"widget-image-caption wp-caption-text\">Domingo Borrell Rosell\u00f3<\/figcaption>\n\t\t\t\t\t\t\t\t\t\t<\/figure>\n\t\t\t\t\t\t\t\t\t<\/div>\n\t\t\t\t<\/div>\n\t\t\t\t\t<\/div>\n\t\t<\/div>\n\t\t\t\t<div class=\"elementor-column elementor-col-50 elementor-top-column elementor-element elementor-element-c31f2d4 elementor-invisible\" data-id=\"c31f2d4\" data-element_type=\"column\" data-e-type=\"column\" data-settings=\"{&quot;animation&quot;:&quot;fadeInRight&quot;}\">\n\t\t\t<div class=\"elementor-widget-wrap elementor-element-populated\">\n\t\t\t\t\t\t<div class=\"elementor-element elementor-element-80e1442 elementor-widget elementor-widget-text-editor\" data-id=\"80e1442\" data-element_type=\"widget\" data-e-type=\"widget\" data-widget_type=\"text-editor.default\">\n\t\t\t\t<div class=\"elementor-widget-container\">\n\t\t\t\t\t\t\t\t\t<h3><strong>Una hist\u00f2ria que va comen\u00e7ar a un petit taller, el 1952.<\/strong><\/h3><p>Maquin\u00e0ria Agr\u00edcola Ferro S.A. \u00e9s una empresa familiar fundada el 1952 per\u00a0<strong>Domingo Borrell Rosell\u00f3<\/strong>.<\/p><p>Situada a Bell-lloc d\u2019Urgell, al sud oest de la prov\u00edncia de Lleida, en una de les zones agr\u00edcoles per excel\u00b7l\u00e8ncia de la Comunitat Aut\u00f2noma de Catalunya.<\/p><p>Als seus inicis el Sr. Borrell es va dedicar a la reparaci\u00f3 de tractors agr\u00edcoles i va ocupar-se del manteniment mec\u00e0nic de diferents empreses de la zona.<\/p>\t\t\t\t\t\t\t\t<\/div>\n\t\t\t\t<\/div>\n\t\t\t\t\t<\/div>\n\t\t<\/div>\n\t\t\t\t\t<\/div>\n\t\t<\/section>\n\t\t\t\t<section class=\"elementor-section elementor-top-section elementor-element elementor-element-554c874 elementor-section-boxed elementor-section-height-default elementor-section-height-default elementor-invisible\" data-id=\"554c874\" data-element_type=\"section\" data-e-type=\"section\" data-settings=\"{&quot;animation&quot;:&quot;fadeInUp&quot;}\">\n\t\t\t\t\t\t<div class=\"elementor-container elementor-column-gap-default\">\n\t\t\t\t\t<div class=\"elementor-column elementor-col-100 elementor-top-column elementor-element elementor-element-bc5a165\" data-id=\"bc5a165\" data-element_type=\"column\" data-e-type=\"column\">\n\t\t\t<div class=\"elementor-widget-wrap elementor-element-populated\">\n\t\t\t\t\t\t<div class=\"elementor-element elementor-element-f023c30 elementor-widget elementor-widget-text-editor\" data-id=\"f023c30\" data-element_type=\"widget\" data-e-type=\"widget\" data-widget_type=\"text-editor.default\">\n\t\t\t\t<div class=\"elementor-widget-container\">\n\t\t\t\t\t\t\t\t\t<p>Aquesta experi\u00e8ncia li va permetre veure les&nbsp;<b>necessitats dels agricultors<\/b>&nbsp;en aquells anys, i va comen\u00e7ar a dissenyar i fabricar maquin\u00e0ria agr\u00edcola orientada, principalment, al farratge. Sent especialista en la<b>&nbsp;fabricaci\u00f3 de rasclets filadors de discs.<\/b><\/p>\t\t\t\t\t\t\t\t<\/div>\n\t\t\t\t<\/div>\n\t\t\t\t\t<\/div>\n\t\t<\/div>\n\t\t\t\t\t<\/div>\n\t\t<\/section>\n\t\t\t\t<section class=\"elementor-section elementor-top-section elementor-element elementor-element-a991d5c elementor-section-boxed elementor-section-height-default elementor-section-height-default\" data-id=\"a991d5c\" data-element_type=\"section\" data-e-type=\"section\">\n\t\t\t\t\t\t<div class=\"elementor-container elementor-column-gap-default\">\n\t\t\t\t\t<div class=\"elementor-column elementor-col-50 elementor-top-column elementor-element elementor-element-193c472 elementor-invisible\" data-id=\"193c472\" data-element_type=\"column\" data-e-type=\"column\" data-settings=\"{&quot;animation&quot;:&quot;fadeInLeft&quot;}\">\n\t\t\t<div class=\"elementor-widget-wrap elementor-element-populated\">\n\t\t\t\t\t\t<div class=\"elementor-element elementor-element-ab02e5d elementor-widget elementor-widget-image\" data-id=\"ab02e5d\" data-element_type=\"widget\" data-e-type=\"widget\" data-widget_type=\"image.default\">\n\t\t\t\t<div class=\"elementor-widget-container\">\n\t\t\t\t\t\t\t\t\t\t\t\t<figure class=\"wp-caption\">\n\t\t\t\t\t\t\t\t\t\t<img decoding=\"async\" width=\"800\" height=\"552\" src=\"https:\/\/maquinariaferro.com\/wp-content\/uploads\/2023\/04\/2-1024x707-1.jpg\" class=\"attachment-large size-large wp-image-1040\" alt=\"\" srcset=\"https:\/\/maquinariaferro.com\/wp-content\/uploads\/2023\/04\/2-1024x707-1.jpg 1024w, https:\/\/maquinariaferro.com\/wp-content\/uploads\/2023\/04\/2-1024x707-1-600x414.jpg 600w, https:\/\/maquinariaferro.com\/wp-content\/uploads\/2023\/04\/2-1024x707-1-300x207.jpg 300w, https:\/\/maquinariaferro.com\/wp-content\/uploads\/2023\/04\/2-1024x707-1-768x530.jpg 768w\" sizes=\"(max-width: 800px) 100vw, 800px\" \/>\t\t\t\t\t\t\t\t\t\t\t<figcaption class=\"widget-image-caption wp-caption-text\">Filadors de disc, marca Ferro S.A.<\/figcaption>\n\t\t\t\t\t\t\t\t\t\t<\/figure>\n\t\t\t\t\t\t\t\t\t<\/div>\n\t\t\t\t<\/div>\n\t\t\t\t\t<\/div>\n\t\t<\/div>\n\t\t\t\t<div class=\"elementor-column elementor-col-50 elementor-top-column elementor-element elementor-element-96d069d elementor-invisible\" data-id=\"96d069d\" data-element_type=\"column\" data-e-type=\"column\" data-settings=\"{&quot;animation&quot;:&quot;fadeInRight&quot;}\">\n\t\t\t<div class=\"elementor-widget-wrap elementor-element-populated\">\n\t\t\t\t\t\t<div class=\"elementor-element elementor-element-8736d88 elementor-widget elementor-widget-image\" data-id=\"8736d88\" data-element_type=\"widget\" data-e-type=\"widget\" data-widget_type=\"image.default\">\n\t\t\t\t<div class=\"elementor-widget-container\">\n\t\t\t\t\t\t\t\t\t\t\t\t<figure class=\"wp-caption\">\n\t\t\t\t\t\t\t\t\t\t<img decoding=\"async\" width=\"800\" height=\"571\" src=\"https:\/\/maquinariaferro.com\/wp-content\/uploads\/2023\/04\/3-DOMINGO-amb-un-rampill-ferro-1024x731-1.jpg\" class=\"attachment-large size-large wp-image-1039\" alt=\"\" srcset=\"https:\/\/maquinariaferro.com\/wp-content\/uploads\/2023\/04\/3-DOMINGO-amb-un-rampill-ferro-1024x731-1.jpg 1024w, https:\/\/maquinariaferro.com\/wp-content\/uploads\/2023\/04\/3-DOMINGO-amb-un-rampill-ferro-1024x731-1-600x428.jpg 600w, https:\/\/maquinariaferro.com\/wp-content\/uploads\/2023\/04\/3-DOMINGO-amb-un-rampill-ferro-1024x731-1-300x214.jpg 300w, https:\/\/maquinariaferro.com\/wp-content\/uploads\/2023\/04\/3-DOMINGO-amb-un-rampill-ferro-1024x731-1-768x548.jpg 768w\" sizes=\"(max-width: 800px) 100vw, 800px\" \/>\t\t\t\t\t\t\t\t\t\t\t<figcaption class=\"widget-image-caption wp-caption-text\">En Domingo fent una demostraci\u00f3 del seu filador de disc Ferro S.A.<\/figcaption>\n\t\t\t\t\t\t\t\t\t\t<\/figure>\n\t\t\t\t\t\t\t\t\t<\/div>\n\t\t\t\t<\/div>\n\t\t\t\t\t<\/div>\n\t\t<\/div>\n\t\t\t\t\t<\/div>\n\t\t<\/section>\n\t\t\t\t<section class=\"elementor-section elementor-top-section elementor-element elementor-element-42421ad elementor-section-boxed elementor-section-height-default elementor-section-height-default elementor-invisible\" data-id=\"42421ad\" data-element_type=\"section\" data-e-type=\"section\" data-settings=\"{&quot;animation&quot;:&quot;fadeInUp&quot;}\">\n\t\t\t\t\t\t<div class=\"elementor-container elementor-column-gap-default\">\n\t\t\t\t\t<div class=\"elementor-column elementor-col-100 elementor-top-column elementor-element elementor-element-576702d\" data-id=\"576702d\" data-element_type=\"column\" data-e-type=\"column\">\n\t\t\t<div class=\"elementor-widget-wrap elementor-element-populated\">\n\t\t\t\t\t\t<div class=\"elementor-element elementor-element-213bd26 elementor-widget elementor-widget-text-editor\" data-id=\"213bd26\" data-element_type=\"widget\" data-e-type=\"widget\" data-widget_type=\"text-editor.default\">\n\t\t\t\t<div class=\"elementor-widget-container\">\n\t\t\t\t\t\t\t\t\t<p>Al llarg dels anys, l\u2019empresa s\u2019ha adaptat a les necessitats dels agricultors, fent que a avui en dia es dediqui tant a la <strong>fabricaci\u00f3<\/strong>com a la\u00a0<strong>comercialitzaci\u00f3<\/strong>\u00a0de maquin\u00e0ria agr\u00edcola nacional i internacional.<\/p><p>Actualment, l\u2019empresa est\u00e0 gestionada pel seu fill;\u00a0<strong>Ramon Borrell Falc\u00f3<\/strong>, i codirigida per dos dels seus nets;\u00a0<strong>Ramon Borrell Gonz\u00e1lez<\/strong>\u00a0i\u00a0<strong>Diana Borrell Gonz\u00e1lez<\/strong>.<\/p><p>\u00c9s per aquest motiu que l\u2019empresa compta amb la seva\u00a0<strong>tercera generaci\u00f3<\/strong>\u00a0al capdavant de l\u2019empresa.<\/p>\t\t\t\t\t\t\t\t<\/div>\n\t\t\t\t<\/div>\n\t\t\t\t\t<\/div>\n\t\t<\/div>\n\t\t\t\t\t<\/div>\n\t\t<\/section>\n\t\t\t\t<section class=\"elementor-section elementor-top-section elementor-element elementor-element-f905204 elementor-section-boxed elementor-section-height-default elementor-section-height-default\" data-id=\"f905204\" data-element_type=\"section\" data-e-type=\"section\">\n\t\t\t\t\t\t<div class=\"elementor-container elementor-column-gap-default\">\n\t\t\t\t\t<div class=\"elementor-column elementor-col-50 elementor-top-column elementor-element elementor-element-1c43e2d elementor-invisible\" data-id=\"1c43e2d\" data-element_type=\"column\" data-e-type=\"column\" data-settings=\"{&quot;animation&quot;:&quot;fadeInLeft&quot;}\">\n\t\t\t<div class=\"elementor-widget-wrap elementor-element-populated\">\n\t\t\t\t\t\t<div class=\"elementor-element elementor-element-4e3c035 elementor-widget elementor-widget-image\" data-id=\"4e3c035\" data-element_type=\"widget\" data-e-type=\"widget\" data-widget_type=\"image.default\">\n\t\t\t\t<div class=\"elementor-widget-container\">\n\t\t\t\t\t\t\t\t\t\t\t\t<figure class=\"wp-caption\">\n\t\t\t\t\t\t\t\t\t\t<img loading=\"lazy\" decoding=\"async\" width=\"800\" height=\"855\" src=\"https:\/\/maquinariaferro.com\/wp-content\/uploads\/2023\/04\/6.-RAMON-sr-958x1024.jpg\" class=\"attachment-large size-large wp-image-1041\" alt=\"\" srcset=\"https:\/\/maquinariaferro.com\/wp-content\/uploads\/2023\/04\/6.-RAMON-sr-958x1024.jpg 958w, https:\/\/maquinariaferro.com\/wp-content\/uploads\/2023\/04\/6.-RAMON-sr-600x641.jpg 600w, https:\/\/maquinariaferro.com\/wp-content\/uploads\/2023\/04\/6.-RAMON-sr-281x300.jpg 281w, https:\/\/maquinariaferro.com\/wp-content\/uploads\/2023\/04\/6.-RAMON-sr-768x821.jpg 768w, https:\/\/maquinariaferro.com\/wp-content\/uploads\/2023\/04\/6.-RAMON-sr.jpg 992w\" sizes=\"(max-width: 800px) 100vw, 800px\" \/>\t\t\t\t\t\t\t\t\t\t\t<figcaption class=\"widget-image-caption wp-caption-text\">Ramon Borrell Falc\u00f3 (fill)<\/figcaption>\n\t\t\t\t\t\t\t\t\t\t<\/figure>\n\t\t\t\t\t\t\t\t\t<\/div>\n\t\t\t\t<\/div>\n\t\t\t\t\t<\/div>\n\t\t<\/div>\n\t\t\t\t<div class=\"elementor-column elementor-col-50 elementor-top-column elementor-element elementor-element-6f7fb67 elementor-invisible\" data-id=\"6f7fb67\" data-element_type=\"column\" data-e-type=\"column\" data-settings=\"{&quot;animation&quot;:&quot;fadeInRight&quot;}\">\n\t\t\t<div class=\"elementor-widget-wrap elementor-element-populated\">\n\t\t\t\t\t\t<div class=\"elementor-element elementor-element-8ba2fb5 elementor-widget elementor-widget-image\" data-id=\"8ba2fb5\" data-element_type=\"widget\" data-e-type=\"widget\" data-widget_type=\"image.default\">\n\t\t\t\t<div class=\"elementor-widget-container\">\n\t\t\t\t\t\t\t\t\t\t\t\t<figure class=\"wp-caption\">\n\t\t\t\t\t\t\t\t\t\t<img loading=\"lazy\" decoding=\"async\" width=\"800\" height=\"609\" src=\"https:\/\/maquinariaferro.com\/wp-content\/uploads\/2023\/04\/7.-Ramon-Jr-1-1024x779.jpg\" class=\"attachment-large size-large wp-image-1042\" alt=\"\" srcset=\"https:\/\/maquinariaferro.com\/wp-content\/uploads\/2023\/04\/7.-Ramon-Jr-1-1024x779.jpg 1024w, https:\/\/maquinariaferro.com\/wp-content\/uploads\/2023\/04\/7.-Ramon-Jr-1-600x456.jpg 600w, https:\/\/maquinariaferro.com\/wp-content\/uploads\/2023\/04\/7.-Ramon-Jr-1-300x228.jpg 300w, https:\/\/maquinariaferro.com\/wp-content\/uploads\/2023\/04\/7.-Ramon-Jr-1-768x584.jpg 768w, https:\/\/maquinariaferro.com\/wp-content\/uploads\/2023\/04\/7.-Ramon-Jr-1-1536x1168.jpg 1536w, https:\/\/maquinariaferro.com\/wp-content\/uploads\/2023\/04\/7.-Ramon-Jr-1.jpg 1552w\" sizes=\"(max-width: 800px) 100vw, 800px\" \/>\t\t\t\t\t\t\t\t\t\t\t<figcaption class=\"widget-image-caption wp-caption-text\">Ramon Borrell Gonz\u00e1lez (net)<\/figcaption>\n\t\t\t\t\t\t\t\t\t\t<\/figure>\n\t\t\t\t\t\t\t\t\t<\/div>\n\t\t\t\t<\/div>\n\t\t\t\t\t<\/div>\n\t\t<\/div>\n\t\t\t\t\t<\/div>\n\t\t<\/section>\n\t\t\t\t<section class=\"elementor-section elementor-top-section elementor-element elementor-element-4ecb53c elementor-section-boxed elementor-section-height-default elementor-section-height-default elementor-invisible\" data-id=\"4ecb53c\" data-element_type=\"section\" data-e-type=\"section\" data-settings=\"{&quot;animation&quot;:&quot;fadeInUp&quot;}\">\n\t\t\t\t\t\t<div class=\"elementor-container elementor-column-gap-default\">\n\t\t\t\t\t<div class=\"elementor-column elementor-col-100 elementor-top-column elementor-element elementor-element-b0098f2\" data-id=\"b0098f2\" data-element_type=\"column\" data-e-type=\"column\">\n\t\t\t<div class=\"elementor-widget-wrap elementor-element-populated\">\n\t\t\t\t\t\t<div class=\"elementor-element elementor-element-3a0d118 elementor-widget elementor-widget-heading\" data-id=\"3a0d118\" data-element_type=\"widget\" data-e-type=\"widget\" data-widget_type=\"heading.default\">\n\t\t\t\t<div class=\"elementor-widget-container\">\n\t\t\t\t\t<h2 class=\"elementor-heading-title elementor-size-default\">La nostra empresa<\/h2>\t\t\t\t<\/div>\n\t\t\t\t<\/div>\n\t\t\t\t<div class=\"elementor-element elementor-element-c5f2887 elementor-widget elementor-widget-text-editor\" data-id=\"c5f2887\" data-element_type=\"widget\" data-e-type=\"widget\" data-widget_type=\"text-editor.default\">\n\t\t\t\t<div class=\"elementor-widget-container\">\n\t\t\t\t\t\t\t\t\t<p>El departament t\u00e8cnic i de fabricaci\u00f3 est\u00e0 format per\u00a0<b>persones perfectament qualificades<\/b>\u00a0per la fabricaci\u00f3 de les nostres m\u00e0quines, aix\u00ed com suficientment preparades per resoldre tots els problemes t\u00e8cnics relatius a les m\u00e0quines que comercialitzem.<\/p><p>L\u2019equip comercial consta de\u00a0<b>persones molt vinculades al medi agrari<\/b> i coneixedores de tots els aspectes relacionats amb l\u2019agricultura. Entre els nostres fabricats i les firmes que comercialitzem, servim una \u00e0mplia gamma de productes agr\u00edcoles al nostre pa\u00eds.<\/p><p>Al relacionar-nos\u00a0<b>directament amb els agricultors<\/b>, coneixem les necessitats que se\u2019ls hi plantegen, i \u00e9s per aix\u00f2 que donem gran import\u00e0ncia al servei post-venda, sent cada dia m\u00e9s els clients que confien en els nostres serveis.<\/p>\t\t\t\t\t\t\t\t<\/div>\n\t\t\t\t<\/div>\n\t\t\t\t\t<\/div>\n\t\t<\/div>\n\t\t\t\t\t<\/div>\n\t\t<\/section>\n\t\t\t\t<section class=\"elementor-section elementor-top-section elementor-element elementor-element-061e3df elementor-section-boxed elementor-section-height-default elementor-section-height-default\" data-id=\"061e3df\" data-element_type=\"section\" data-e-type=\"section\">\n\t\t\t\t\t\t<div class=\"elementor-container elementor-column-gap-default\">\n\t\t\t\t\t<div class=\"elementor-column elementor-col-33 elementor-top-column elementor-element elementor-element-59f3c93 elementor-invisible\" data-id=\"59f3c93\" data-element_type=\"column\" data-e-type=\"column\" data-settings=\"{&quot;animation&quot;:&quot;fadeInLeft&quot;}\">\n\t\t\t<div class=\"elementor-widget-wrap elementor-element-populated\">\n\t\t\t\t\t\t<div class=\"elementor-element elementor-element-f005ed5 elementor-widget elementor-widget-image\" data-id=\"f005ed5\" data-element_type=\"widget\" data-e-type=\"widget\" data-widget_type=\"image.default\">\n\t\t\t\t<div class=\"elementor-widget-container\">\n\t\t\t\t\t\t\t\t\t\t\t\t<figure class=\"wp-caption\">\n\t\t\t\t\t\t\t\t\t\t<img loading=\"lazy\" decoding=\"async\" width=\"800\" height=\"806\" src=\"https:\/\/maquinariaferro.com\/wp-content\/uploads\/2023\/04\/12.-Diana-copia-1017x1024.jpeg\" class=\"attachment-large size-large wp-image-1046\" alt=\"\" srcset=\"https:\/\/maquinariaferro.com\/wp-content\/uploads\/2023\/04\/12.-Diana-copia-1017x1024.jpeg 1017w, https:\/\/maquinariaferro.com\/wp-content\/uploads\/2023\/04\/12.-Diana-copia-100x100.jpeg 100w, https:\/\/maquinariaferro.com\/wp-content\/uploads\/2023\/04\/12.-Diana-copia-600x604.jpeg 600w, https:\/\/maquinariaferro.com\/wp-content\/uploads\/2023\/04\/12.-Diana-copia-298x300.jpeg 298w, https:\/\/maquinariaferro.com\/wp-content\/uploads\/2023\/04\/12.-Diana-copia-150x150.jpeg 150w, https:\/\/maquinariaferro.com\/wp-content\/uploads\/2023\/04\/12.-Diana-copia-768x774.jpeg 768w, https:\/\/maquinariaferro.com\/wp-content\/uploads\/2023\/04\/12.-Diana-copia.jpeg 1112w\" sizes=\"(max-width: 800px) 100vw, 800px\" \/>\t\t\t\t\t\t\t\t\t\t\t<figcaption class=\"widget-image-caption wp-caption-text\">Diana Borrell Gonz\u00e1lez<\/figcaption>\n\t\t\t\t\t\t\t\t\t\t<\/figure>\n\t\t\t\t\t\t\t\t\t<\/div>\n\t\t\t\t<\/div>\n\t\t\t\t\t<\/div>\n\t\t<\/div>\n\t\t\t\t<div class=\"elementor-column elementor-col-33 elementor-top-column elementor-element elementor-element-21fd711 elementor-invisible\" data-id=\"21fd711\" data-element_type=\"column\" data-e-type=\"column\" data-settings=\"{&quot;animation&quot;:&quot;fadeInUp&quot;}\">\n\t\t\t<div class=\"elementor-widget-wrap elementor-element-populated\">\n\t\t\t\t\t\t<div class=\"elementor-element elementor-element-017843a elementor-widget elementor-widget-image\" data-id=\"017843a\" data-element_type=\"widget\" data-e-type=\"widget\" data-widget_type=\"image.default\">\n\t\t\t\t<div class=\"elementor-widget-container\">\n\t\t\t\t\t\t\t\t\t\t\t\t<figure class=\"wp-caption\">\n\t\t\t\t\t\t\t\t\t\t<img loading=\"lazy\" decoding=\"async\" width=\"768\" height=\"1024\" src=\"https:\/\/maquinariaferro.com\/wp-content\/uploads\/2023\/04\/11-Diana-Ramon-Sr-768x1024-1.jpg\" class=\"attachment-large size-large wp-image-1047\" alt=\"\" srcset=\"https:\/\/maquinariaferro.com\/wp-content\/uploads\/2023\/04\/11-Diana-Ramon-Sr-768x1024-1.jpg 768w, https:\/\/maquinariaferro.com\/wp-content\/uploads\/2023\/04\/11-Diana-Ramon-Sr-768x1024-1-600x800.jpg 600w, https:\/\/maquinariaferro.com\/wp-content\/uploads\/2023\/04\/11-Diana-Ramon-Sr-768x1024-1-225x300.jpg 225w\" sizes=\"(max-width: 768px) 100vw, 768px\" \/>\t\t\t\t\t\t\t\t\t\t\t<figcaption class=\"widget-image-caption wp-caption-text\">Diana i Ramon<\/figcaption>\n\t\t\t\t\t\t\t\t\t\t<\/figure>\n\t\t\t\t\t\t\t\t\t<\/div>\n\t\t\t\t<\/div>\n\t\t\t\t\t<\/div>\n\t\t<\/div>\n\t\t\t\t<div class=\"elementor-column elementor-col-33 elementor-top-column elementor-element elementor-element-dc0c95f elementor-invisible\" data-id=\"dc0c95f\" data-element_type=\"column\" data-e-type=\"column\" data-settings=\"{&quot;animation&quot;:&quot;fadeInRight&quot;}\">\n\t\t\t<div class=\"elementor-widget-wrap elementor-element-populated\">\n\t\t\t\t\t\t<div class=\"elementor-element elementor-element-cc3f36f elementor-widget elementor-widget-image\" data-id=\"cc3f36f\" data-element_type=\"widget\" data-e-type=\"widget\" data-widget_type=\"image.default\">\n\t\t\t\t<div class=\"elementor-widget-container\">\n\t\t\t\t\t\t\t\t\t\t\t\t<figure class=\"wp-caption\">\n\t\t\t\t\t\t\t\t\t\t<img loading=\"lazy\" decoding=\"async\" width=\"800\" height=\"858\" src=\"https:\/\/maquinariaferro.com\/wp-content\/uploads\/2023\/04\/10Diana-Ramon-Jr-copia-955x1024-1.jpg\" class=\"attachment-large size-large wp-image-1048\" alt=\"\" srcset=\"https:\/\/maquinariaferro.com\/wp-content\/uploads\/2023\/04\/10Diana-Ramon-Jr-copia-955x1024-1.jpg 955w, https:\/\/maquinariaferro.com\/wp-content\/uploads\/2023\/04\/10Diana-Ramon-Jr-copia-955x1024-1-600x643.jpg 600w, https:\/\/maquinariaferro.com\/wp-content\/uploads\/2023\/04\/10Diana-Ramon-Jr-copia-955x1024-1-280x300.jpg 280w, https:\/\/maquinariaferro.com\/wp-content\/uploads\/2023\/04\/10Diana-Ramon-Jr-copia-955x1024-1-768x823.jpg 768w\" sizes=\"(max-width: 800px) 100vw, 800px\" \/>\t\t\t\t\t\t\t\t\t\t\t<figcaption class=\"widget-image-caption wp-caption-text\">Diana i Ramon Jr.<\/figcaption>\n\t\t\t\t\t\t\t\t\t\t<\/figure>\n\t\t\t\t\t\t\t\t\t<\/div>\n\t\t\t\t<\/div>\n\t\t\t\t\t<\/div>\n\t\t<\/div>\n\t\t\t\t\t<\/div>\n\t\t<\/section>\n\t\t\t\t<\/div>","protected":false},"excerpt":{"rendered":"<p>\u201cSomos un equipo familiar, la 3\u00aa generaci\u00f3n de toda una trayectoria\u201d Domingo Borrell Rosell\u00f3 Una historia que comenz\u00f3 en un peque\u00f1o taller, en 1952. Maquinaria Agr\u00edcola Ferro S.A. es una empresa familiar fundada el 1952 por\u00a0Domingo Borrell Rosell\u00f3. Situada en Bell-lloc d\u2019Urgell, al suroeste de la provincia de L\u00e9rida, en una de las zonas agr\u00edcolas [&hellip;]<\/p>\n","protected":false},"author":3,"featured_media":0,"parent":0,"menu_order":0,"comment_status":"closed","ping_status":"closed","template":"elementor_header_footer","meta":{"_joinchat":[],"footnotes":""},"class_list":["post-913","page","type-page","status-publish","hentry"],"yoast_head":"<!-- This site is optimized with the Yoast SEO plugin v28.4 - https:\/\/yoast.com\/product\/yoast-seo-wordpress\/ -->\n<title>Empresa de Maquinaria Agr\u00edcola | Maquinaria Ferro<\/title>\n<meta name=\"description\" content=\"Somos una empresa de maquinaria agr\u00edcola con m\u00e1s de 70 a\u00f1os experiencia. Aportamos soluciones eficientes y competitivas al sector agr\u00edcola. \u00a1Ll\u00e1manos!\" \/>\n<meta name=\"robots\" content=\"index, follow, max-snippet:-1, max-image-preview:large, max-video-preview:-1\" \/>\n<link rel=\"canonical\" href=\"https:\/\/maquinariaferro.com\/ca\/empresa\/\" \/>\n<meta property=\"og:locale\" content=\"ca_ES\" \/>\n<meta property=\"og:type\" content=\"article\" \/>\n<meta property=\"og:title\" content=\"Empresa de Maquinaria Agr\u00edcola | Maquinaria Ferro\" \/>\n<meta property=\"og:description\" content=\"Somos una empresa de maquinaria agr\u00edcola con m\u00e1s de 70 a\u00f1os experiencia. Aportamos soluciones eficientes y competitivas al sector agr\u00edcola. \u00a1Ll\u00e1manos!\" \/>\n<meta property=\"og:url\" content=\"https:\/\/maquinariaferro.com\/ca\/empresa\/\" \/>\n<meta property=\"og:site_name\" content=\"Maquinaria Ferro\" \/>\n<meta property=\"article:modified_time\" content=\"2023-10-17T07:58:21+00:00\" \/>\n<meta property=\"og:image\" content=\"https:\/\/maquinariaferro.com\/wp-content\/uploads\/2023\/04\/1.Domingo-842x1024.jpg\" \/>\n<meta name=\"twitter:card\" content=\"summary_large_image\" \/>\n<meta name=\"twitter:label1\" content=\"Temps estimat de lectura\" \/>\n\t<meta name=\"twitter:data1\" content=\"4 minuts\" \/>\n<script type=\"application\/ld+json\" class=\"yoast-schema-graph\">{\"@context\":\"https:\\\/\\\/schema.org\",\"@graph\":[{\"@type\":\"WebPage\",\"@id\":\"https:\\\/\\\/maquinariaferro.com\\\/empresa\\\/\",\"url\":\"https:\\\/\\\/maquinariaferro.com\\\/empresa\\\/\",\"name\":\"Empresa de Maquinaria Agr\u00edcola | Maquinaria Ferro\",\"isPartOf\":{\"@id\":\"https:\\\/\\\/maquinariaferro.com\\\/#website\"},\"primaryImageOfPage\":{\"@id\":\"https:\\\/\\\/maquinariaferro.com\\\/empresa\\\/#primaryimage\"},\"image\":{\"@id\":\"https:\\\/\\\/maquinariaferro.com\\\/empresa\\\/#primaryimage\"},\"thumbnailUrl\":\"https:\\\/\\\/maquinariaferro.com\\\/wp-content\\\/uploads\\\/2023\\\/04\\\/1.Domingo-842x1024.jpg\",\"datePublished\":\"2023-04-16T22:33:07+00:00\",\"dateModified\":\"2023-10-17T07:58:21+00:00\",\"description\":\"Somos una empresa de maquinaria agr\u00edcola con m\u00e1s de 70 a\u00f1os experiencia. Aportamos soluciones eficientes y competitivas al sector agr\u00edcola. \u00a1Ll\u00e1manos!\",\"breadcrumb\":{\"@id\":\"https:\\\/\\\/maquinariaferro.com\\\/empresa\\\/#breadcrumb\"},\"inLanguage\":\"ca\",\"potentialAction\":[{\"@type\":\"ReadAction\",\"target\":[\"https:\\\/\\\/maquinariaferro.com\\\/empresa\\\/\"]}]},{\"@type\":\"ImageObject\",\"inLanguage\":\"ca\",\"@id\":\"https:\\\/\\\/maquinariaferro.com\\\/empresa\\\/#primaryimage\",\"url\":\"https:\\\/\\\/maquinariaferro.com\\\/wp-content\\\/uploads\\\/2023\\\/04\\\/1.Domingo-842x1024.jpg\",\"contentUrl\":\"https:\\\/\\\/maquinariaferro.com\\\/wp-content\\\/uploads\\\/2023\\\/04\\\/1.Domingo-842x1024.jpg\"},{\"@type\":\"BreadcrumbList\",\"@id\":\"https:\\\/\\\/maquinariaferro.com\\\/empresa\\\/#breadcrumb\",\"itemListElement\":[{\"@type\":\"ListItem\",\"position\":1,\"name\":\"Portada\",\"item\":\"https:\\\/\\\/maquinariaferro.com\\\/\"},{\"@type\":\"ListItem\",\"position\":2,\"name\":\"Empresa\"}]},{\"@type\":\"WebSite\",\"@id\":\"https:\\\/\\\/maquinariaferro.com\\\/#website\",\"url\":\"https:\\\/\\\/maquinariaferro.com\\\/\",\"name\":\"Maquinaria Ferro\",\"description\":\"\",\"potentialAction\":[{\"@type\":\"SearchAction\",\"target\":{\"@type\":\"EntryPoint\",\"urlTemplate\":\"https:\\\/\\\/maquinariaferro.com\\\/?s={search_term_string}\"},\"query-input\":{\"@type\":\"PropertyValueSpecification\",\"valueRequired\":true,\"valueName\":\"search_term_string\"}}],\"inLanguage\":\"ca\"}]}<\/script>\n<!-- \/ Yoast SEO plugin. -->","yoast_head_json":{"title":"Empresa de Maquinaria Agr\u00edcola | Maquinaria Ferro","description":"Somos una empresa de maquinaria agr\u00edcola con m\u00e1s de 70 a\u00f1os experiencia. Aportamos soluciones eficientes y competitivas al sector agr\u00edcola. \u00a1Ll\u00e1manos!","robots":{"index":"index","follow":"follow","max-snippet":"max-snippet:-1","max-image-preview":"max-image-preview:large","max-video-preview":"max-video-preview:-1"},"canonical":"https:\/\/maquinariaferro.com\/ca\/empresa\/","og_locale":"ca_ES","og_type":"article","og_title":"Empresa de Maquinaria Agr\u00edcola | Maquinaria Ferro","og_description":"Somos una empresa de maquinaria agr\u00edcola con m\u00e1s de 70 a\u00f1os experiencia. Aportamos soluciones eficientes y competitivas al sector agr\u00edcola. \u00a1Ll\u00e1manos!","og_url":"https:\/\/maquinariaferro.com\/ca\/empresa\/","og_site_name":"Maquinaria Ferro","article_modified_time":"2023-10-17T07:58:21+00:00","og_image":[{"url":"https:\/\/maquinariaferro.com\/wp-content\/uploads\/2023\/04\/1.Domingo-842x1024.jpg","type":"","width":"","height":""}],"twitter_card":"summary_large_image","twitter_misc":{"Temps estimat de lectura":"4 minuts"},"schema":{"@context":"https:\/\/schema.org","@graph":[{"@type":"WebPage","@id":"https:\/\/maquinariaferro.com\/empresa\/","url":"https:\/\/maquinariaferro.com\/empresa\/","name":"Empresa de Maquinaria Agr\u00edcola | Maquinaria Ferro","isPartOf":{"@id":"https:\/\/maquinariaferro.com\/#website"},"primaryImageOfPage":{"@id":"https:\/\/maquinariaferro.com\/empresa\/#primaryimage"},"image":{"@id":"https:\/\/maquinariaferro.com\/empresa\/#primaryimage"},"thumbnailUrl":"https:\/\/maquinariaferro.com\/wp-content\/uploads\/2023\/04\/1.Domingo-842x1024.jpg","datePublished":"2023-04-16T22:33:07+00:00","dateModified":"2023-10-17T07:58:21+00:00","description":"Somos una empresa de maquinaria agr\u00edcola con m\u00e1s de 70 a\u00f1os experiencia. Aportamos soluciones eficientes y competitivas al sector agr\u00edcola. \u00a1Ll\u00e1manos!","breadcrumb":{"@id":"https:\/\/maquinariaferro.com\/empresa\/#breadcrumb"},"inLanguage":"ca","potentialAction":[{"@type":"ReadAction","target":["https:\/\/maquinariaferro.com\/empresa\/"]}]},{"@type":"ImageObject","inLanguage":"ca","@id":"https:\/\/maquinariaferro.com\/empresa\/#primaryimage","url":"https:\/\/maquinariaferro.com\/wp-content\/uploads\/2023\/04\/1.Domingo-842x1024.jpg","contentUrl":"https:\/\/maquinariaferro.com\/wp-content\/uploads\/2023\/04\/1.Domingo-842x1024.jpg"},{"@type":"BreadcrumbList","@id":"https:\/\/maquinariaferro.com\/empresa\/#breadcrumb","itemListElement":[{"@type":"ListItem","position":1,"name":"Portada","item":"https:\/\/maquinariaferro.com\/"},{"@type":"ListItem","position":2,"name":"Empresa"}]},{"@type":"WebSite","@id":"https:\/\/maquinariaferro.com\/#website","url":"https:\/\/maquinariaferro.com\/","name":"Maquin\u00e0ria Ferro","description":"","potentialAction":[{"@type":"SearchAction","target":{"@type":"EntryPoint","urlTemplate":"https:\/\/maquinariaferro.com\/?s={search_term_string}"},"query-input":{"@type":"PropertyValueSpecification","valueRequired":true,"valueName":"search_term_string"}}],"inLanguage":"ca"}]}},"_links":{"self":[{"href":"https:\/\/maquinariaferro.com\/ca\/wp-json\/wp\/v2\/pages\/913","targetHints":{"allow":["GET"]}}],"collection":[{"href":"https:\/\/maquinariaferro.com\/ca\/wp-json\/wp\/v2\/pages"}],"about":[{"href":"https:\/\/maquinariaferro.com\/ca\/wp-json\/wp\/v2\/types\/page"}],"author":[{"embeddable":true,"href":"https:\/\/maquinariaferro.com\/ca\/wp-json\/wp\/v2\/users\/3"}],"replies":[{"embeddable":true,"href":"https:\/\/maquinariaferro.com\/ca\/wp-json\/wp\/v2\/comments?post=913"}],"version-history":[{"count":35,"href":"https:\/\/maquinariaferro.com\/ca\/wp-json\/wp\/v2\/pages\/913\/revisions"}],"predecessor-version":[{"id":3007,"href":"https:\/\/maquinariaferro.com\/ca\/wp-json\/wp\/v2\/pages\/913\/revisions\/3007"}],"wp:attachment":[{"href":"https:\/\/maquinariaferro.com\/ca\/wp-json\/wp\/v2\/media?parent=913"}],"curies":[{"name":"wp","href":"https:\/\/api.w.org\/{rel}","templated":true}]}}